{"id":8960,"date":"2023-05-05T16:47:57","date_gmt":"2023-05-05T14:47:57","guid":{"rendered":"https:\/\/www.bce.lu\/?page_id=8960"},"modified":"2025-12-11T09:33:05","modified_gmt":"2025-12-11T08:33:05","slug":"verantwortung-fuer-die-umwelt","status":"publish","type":"page","link":"https:\/\/www.bce.lu\/de\/verantwortung-fuer-die-umwelt\/","title":{"rendered":"Verantwortung f\u00fcr die umwelt"},"content":{"rendered":"\n<div style=\"height:15px\" aria-hidden=\"true\" class=\"wp-block-spacer\"><\/div>\n\n\n\n<h3 class=\"wp-block-heading\">BCE hat sich verpflichtet, negative Umweltauswirkungen zu reduzieren, und gem\u00e4\u00df den Vorgaben von <a href=\"https:\/\/www.bertelsmann.com\/\" target=\"_blank\" rel=\"noopener\">Bertelsmann<\/a> verpflichtet sich BCE, bis 2030 klimaneutral zu werden.<\/h3>\n\n\n\n<div style=\"height:15px\" aria-hidden=\"true\" class=\"wp-block-spacer\"><\/div>\n\n\n\n<p>Neben der Einhaltung bestehender Umweltgesetze und in Anerkennung der Bedeutung von Umweltfragen ist BCE bestrebt, seine Einfl\u00fcsse auf die Umwelt kontinuierlich zu \u00fcberpr\u00fcfen und zu verbessern.<\/p>\n\n\n\n<p>Seit 2008 misst BCE alle zwei Jahre seinen CO\u2082-Fu\u00dfabdruck, seit 2015 j\u00e4hrlich. Wir nutzen diese Ma\u00dfnahmen als wichtige Kennzahl, um unseren Beitrag zum Umweltschutz kontinuierlich zu verbessern.<\/p>\n\n\n\n<div style=\"height:15px\" aria-hidden=\"true\" class=\"wp-block-spacer\"><\/div>\n\n\n\n<div class=\"wp-block-columns is-layout-flex wp-container-core-columns-is-layout-9d6595d7 wp-block-columns-is-layout-flex\">\n<div class=\"wp-block-column is-layout-flow wp-block-column-is-layout-flow\">\n<div class=\"wp-block-uagb-image uagb-block-e502e288 wp-block-uagb-image--layout-default wp-block-uagb-image--effect-static wp-block-uagb-image--align-none\"><figure class=\"wp-block-uagb-image__figure\"><img decoding=\"async\" srcset=\"https:\/\/www.bce.lu\/wp-content\/uploads\/2025\/12\/Green-energy-BCE-1.png ,https:\/\/www.bce.lu\/wp-content\/uploads\/2025\/12\/Green-energy-BCE-1.png 780w, https:\/\/www.bce.lu\/wp-content\/uploads\/2025\/12\/Green-energy-BCE-1.png 360w\" sizes=\"auto, (max-width: 480px) 150px\" src=\"https:\/\/www.bce.lu\/wp-content\/uploads\/2025\/12\/Green-energy-BCE-1.png\" alt=\"\" class=\"uag-image-14010\" width=\"1024\" height=\"576\" title=\"Green-energy-BCE\" loading=\"lazy\" role=\"img\"\/><\/figure><\/div>\n<\/div>\n\n\n\n<div class=\"wp-block-column is-layout-flow wp-block-column-is-layout-flow\">\n<h4 class=\"wp-block-heading\">Verantwortung f\u00fcr die Umwelt<\/h4>\n\n\n\n<p>BCE ist bestrebt, bei der Produktion, Verarbeitung und Verbreitung unserer Inhalte und Dienstleistungen verantwortungsvoll mit nat\u00fcrlichen Ressourcen umzugehen und eine umweltvertr\u00e4gliche Beschaffung zu gew\u00e4hrleisten, soweit dies wirtschaftlich ist.<\/p>\n\n\n\n<p>Dies gilt insbesondere f\u00fcr Materialien und Prozesse in Beschaffung, Produktion, digitalen Inhalten, Speichermedien.<\/p>\n\n\n\n<p>Im Einklang mit unseren Aktivit\u00e4ten konzentriert sich BCE insbesondere auf den Stromverbrauch, der f\u00fcr den gr\u00f6\u00dften Teil der Kohlenstoffemissionen von BCE verantwortlich ist. In dieser Hinsicht wird der Hauptsitz von BCE seit 2020 mit einer <strong>100% erneuerbaren Energie versorgt, die auf Wasserkraft basiert.<\/strong><\/p>\n<\/div>\n<\/div>\n\n\n\n<div style=\"height:40px\" aria-hidden=\"true\" class=\"wp-block-spacer\"><\/div>\n\n\n\n<div class=\"wp-block-columns is-layout-flex wp-container-core-columns-is-layout-9d6595d7 wp-block-columns-is-layout-flex\">\n<div class=\"wp-block-column is-layout-flow wp-block-column-is-layout-flow\">\n<div style=\"height:20px\" aria-hidden=\"true\" class=\"wp-block-spacer\"><\/div>\n\n\n\n<h4 class=\"wp-block-heading\">Die Welt mit der Natur antreiben<\/h4>\n\n\n\n<p>BCE hat in Partnerschaft mit dem luxemburgischen Energieversorger Enovos zwei gro\u00dfe <a href=\"https:\/\/www.bce.lu\/news\/inauguration-of-the-largest-photovoltaic-power-plant-in-luxembourg\/\" target=\"_blank\" rel=\"noreferrer noopener\"><strong>Photovoltaik-Kraftwerke<\/strong><\/a> an seinen \u00dcbertragungsstandorten in Beidweiler und Junglinster errichtet, die 2020 fertiggestellt wurden.&nbsp;<\/p>\n\n\n\n<p>Es handelt sich um den ersten Freifl\u00e4chen-Solarpark dieser Gr\u00f6\u00dfe in Luxemburg mit einer Gesamtkapazit\u00e4t von <strong>7 GWh<\/strong>. BCE und Enovos planen bereits den Bau einer Erweiterung in Beidweiler, die diese Kapazit\u00e4t auf <strong>10 GWh<\/strong> erh\u00f6hen wird.&nbsp;<\/p>\n\n\n\n<p>Um die Umweltvertr\u00e4glichkeit unserer Aktivit\u00e4ten zu gew\u00e4hrleisten, bem\u00fchen wir uns um einen verantwortungsvollen Umgang mit Energie, Wasser, Material und Raum.&nbsp;<\/p>\n<\/div>\n\n\n\n<div class=\"wp-block-column is-layout-flow wp-block-column-is-layout-flow\">\n<div style=\"position: relative; width: 100%; height: 0; padding-top: 56.2500%; padding-bottom: 0; box-shadow: 0 2px 8px 0 rgba(63,69,81,0.16); margin-top: 1.6em; margin-bottom: 0.9em; overflow: hidden; border-radius: 8px; will-change: transform;\">  <iframe loading=\"lazy\" style=\"position: absolute; width: 100%; height: 100%; top: 0; left: 0; border: none; padding: 0;margin: 0;\"    src=\"https:&#x2F;&#x2F;www.canva.com&#x2F;design&#x2F;DAFLF4strhE&#x2F;watch?embed\" allowfullscreen=\"allowfullscreen\" allow=\"fullscreen\">  <\/iframe><\/div>\n<\/div>\n<\/div>\n\n\n\n<div style=\"height:40px\" aria-hidden=\"true\" class=\"wp-block-spacer\"><\/div>\n\n\n\n<div class=\"wp-block-columns is-layout-flex wp-container-core-columns-is-layout-9d6595d7 wp-block-columns-is-layout-flex\">\n<div class=\"wp-block-column is-layout-flow wp-block-column-is-layout-flow\">\n<div class=\"wp-block-uagb-image uagb-block-1b473710 wp-block-uagb-image--layout-default wp-block-uagb-image--effect-static wp-block-uagb-image--align-none\"><figure class=\"wp-block-uagb-image__figure\"><img decoding=\"async\" srcset=\"https:\/\/www.bce.lu\/wp-content\/uploads\/2025\/12\/Involvement-of-employees-BCE-2.png ,https:\/\/www.bce.lu\/wp-content\/uploads\/2025\/12\/Involvement-of-employees-BCE-2.png 780w, https:\/\/www.bce.lu\/wp-content\/uploads\/2025\/12\/Involvement-of-employees-BCE-2.png 360w\" sizes=\"auto, (max-width: 480px) 150px\" src=\"https:\/\/www.bce.lu\/wp-content\/uploads\/2025\/12\/Involvement-of-employees-BCE-2.png\" alt=\"\" class=\"uag-image-14016\" width=\"1024\" height=\"576\" title=\"Involvement of employees BCE\" loading=\"lazy\" role=\"img\"\/><\/figure><\/div>\n<\/div>\n\n\n\n<div class=\"wp-block-column is-layout-flow wp-block-column-is-layout-flow\">\n<h4 class=\"wp-block-heading\">Einbindung der Mitarbeiter<\/h4>\n\n\n\n<p>Die aktive Einbindung der Mitarbeiter der BCE ist eine wichtige Voraussetzung f\u00fcr eine effektive Umweltleistung.<\/p>\n\n\n\n<p>Da die Mitarbeiter von BCE die besten Botschafter des Unternehmens f\u00fcr umweltgerechtes Verhalten sind, sensibilisiert BCE regelm\u00e4\u00dfig f\u00fcr Umweltthemen, organisiert Umwelttage und -aktionen und erwartet von ihnen, dass sie sich verantwortungsbewusst gegen\u00fcber der Gemeinschaft und der Umwelt verhalten.<\/p>\n\n\n\n<p>BCE ermutigt auch dazu, von zu Hause aus zu arbeiten, indem es unsere Mitarbeiter zu einem Teil der L\u00f6sung macht und die Menge an CO2, die beim Pendeln entsteht, massiv reduziert.<\/p>\n\n\n\n<p>Bei BCE ist die M\u00fclltrennung organisiert, und ihre Durchsetzung und Einhaltung wird durch das SDK-Label der Umweltverwaltung (<a href=\"https:\/\/sdk.lu\/\" target=\"_blank\" rel=\"noopener\"><em><strong>SuperDrecksK\u00ebscht<\/strong><\/em>&nbsp;<\/a>fir Betriber).<\/p>\n<\/div>\n<\/div>\n\n\n\n<div style=\"height:40px\" aria-hidden=\"true\" class=\"wp-block-spacer\"><\/div>\n\n\n\n<div class=\"wp-block-columns is-layout-flex wp-container-core-columns-is-layout-9d6595d7 wp-block-columns-is-layout-flex\">\n<div class=\"wp-block-column is-layout-flow wp-block-column-is-layout-flow\">\n<h4 class=\"wp-block-heading\">Umweltorganisation&nbsp;<\/h4>\n\n\n\n<p>Bei BCE liegen alle betrieblichen Abl\u00e4ufe in der Verantwortung der Fachbereiche. Alle Gesch\u00e4ftsbereiche der BCE sind aufgefordert, die negativen Umweltauswirkungen unserer Aktivit\u00e4ten st\u00e4ndig zu reduzieren, und haben Initiativen ergriffen.&nbsp;<\/p>\n\n\n\n<p>In dieser Hinsicht war die Postproduktionsabteilung der Vorreiter, indem sie ihrem Kunden eine eigens entwickelte Technologie (M2M genannt) kostenlos zur Verf\u00fcgung stellte, um den Inhalt dateibasiert auszutauschen, anstatt physische B\u00e4nder zu versenden.&nbsp;<\/p>\n\n\n\n<p>Bei Projekten, die sich an weit entfernten Orten befinden, sammelt die technische Abteilung die gesamte Ausr\u00fcstung an einem speziellen Ort, an dem die Kollegen von BCE die gesamte Ausr\u00fcstung f\u00fcr eine Massenlieferung an den Kunden vorinstallieren und vorkonfigurieren k\u00f6nnen. Auf diese Weise konnten wir den Transport von Ger\u00e4ten und Personal erheblich reduzieren.&nbsp;<\/p>\n\n\n\n<p>Als Mitglied der LEA (Luxembourg Event Association) verpflichtet sich BCE, Dienstleistungen f\u00fcr die Veranstaltungsbranche mit einer reduzierten Abfallmenge anzubieten, die Kohlenstoffbelastung zu begrenzen und ein nachhaltiges Catering anzubieten.&nbsp;<\/p>\n\n\n\n<p>Auf der IT-Seite hat BCE in Kaltgangtechnik f\u00fcr seine Rechenzentren investiert, um den Strombedarf f\u00fcr die K\u00fchlsysteme zu senken.&nbsp;<\/p>\n\n\n\n<p>Die Sendestelle f\u00fcr ihren energieintensivsten Sendestandort ist Teil der freiwilligen Vereinbarung \u00fcber Energieeffizienz, die zwischen der luxemburgischen Regierung und der FEDIL (Luxemburgischer multisektoraler Unternehmerverband) getroffen wurde.&nbsp;<\/p>\n<\/div>\n\n\n\n<div class=\"wp-block-column is-layout-flow wp-block-column-is-layout-flow\">\n<div class=\"wp-block-uagb-image uagb-block-8cd2e692 wp-block-uagb-image--layout-default wp-block-uagb-image--effect-static wp-block-uagb-image--align-none\"><figure class=\"wp-block-uagb-image__figure\"><img decoding=\"async\" srcset=\"https:\/\/www.bce.lu\/wp-content\/uploads\/2025\/12\/Environmental-organization-1.png ,https:\/\/www.bce.lu\/wp-content\/uploads\/2025\/12\/Environmental-organization-1.png 780w, https:\/\/www.bce.lu\/wp-content\/uploads\/2025\/12\/Environmental-organization-1.png 360w\" sizes=\"auto, (max-width: 480px) 150px\" src=\"https:\/\/www.bce.lu\/wp-content\/uploads\/2025\/12\/Environmental-organization-1.png\" alt=\"\" class=\"uag-image-14021\" width=\"1024\" height=\"576\" title=\"Environmental organization\" loading=\"lazy\" role=\"img\"\/><\/figure><\/div>\n<\/div>\n<\/div>\n\n\n\n<div style=\"height:40px\" aria-hidden=\"true\" class=\"wp-block-spacer\"><\/div>\n\n\n\n<div class=\"wp-block-columns is-layout-flex wp-container-core-columns-is-layout-9d6595d7 wp-block-columns-is-layout-flex\">\n<div class=\"wp-block-column is-layout-flow wp-block-column-is-layout-flow\">\n<div class=\"wp-block-uagb-image uagb-block-a7b50505 wp-block-uagb-image--layout-default wp-block-uagb-image--effect-static wp-block-uagb-image--align-none\"><figure class=\"wp-block-uagb-image__figure\"><img decoding=\"async\" srcset=\"https:\/\/www.bce.lu\/wp-content\/uploads\/2025\/12\/Transparency-and-stakeholder-dialogue.png ,https:\/\/www.bce.lu\/wp-content\/uploads\/2025\/12\/Transparency-and-stakeholder-dialogue.png 780w, https:\/\/www.bce.lu\/wp-content\/uploads\/2025\/12\/Transparency-and-stakeholder-dialogue.png 360w\" sizes=\"auto, (max-width: 480px) 150px\" src=\"https:\/\/www.bce.lu\/wp-content\/uploads\/2025\/12\/Transparency-and-stakeholder-dialogue.png\" alt=\"\" class=\"uag-image-14025\" width=\"1024\" height=\"576\" title=\"Transparency and stakeholder dialogue\" loading=\"lazy\" role=\"img\"\/><\/figure><\/div>\n<\/div>\n\n\n\n<div class=\"wp-block-column is-layout-flow wp-block-column-is-layout-flow\">\n<h4 class=\"wp-block-heading\">Transparenz und Stakeholder-Dialog<\/h4>\n\n\n\n<p>BCE ist Partner der Zivilgesellschaft.<\/p>\n\n\n\n<p>BCE verpflichtet sich daher zu einem offenen und gegenseitig konstruktiven Dialog mit Kunden, Gesch\u00e4ftspartnern und anderen interessierten Parteien.<\/p>\n\n\n\n<p>BCE ist bestrebt, umweltvertr\u00e4gliche L\u00f6sungen zu finden, die die Anforderungen unserer externen Stakeholder erf\u00fcllen und gleichzeitig die Wettbewerbsf\u00e4higkeit unserer Gesch\u00e4ftst\u00e4tigkeit gew\u00e4hrleisten.<\/p>\n<\/div>\n<\/div>\n\n\n\n<div style=\"height:60px\" aria-hidden=\"true\" class=\"wp-block-spacer\"><\/div>\n","protected":false},"excerpt":{"rendered":"<p>BCE hat sich verpflichtet, negative Umweltauswirkungen zu reduzieren, und [&hellip;]<\/p>\n","protected":false},"author":3,"featured_media":0,"parent":0,"menu_order":9,"comment_status":"closed","ping_status":"closed","template":"","meta":{"_acf_changed":false,"content-type":"","inline_featured_image":false,"_uag_custom_page_level_css":"","_price":"","_stock":"","_tribe_ticket_header":"","_tribe_default_ticket_provider":"","_ticket_start_date":"","_ticket_end_date":"","_tribe_ticket_show_description":"","_tribe_ticket_show_not_going":false,"_tribe_ticket_use_global_stock":"","_tribe_ticket_global_stock_level":"","_global_stock_mode":"","_global_stock_cap":"","_tribe_rsvp_for_event":"","_tribe_ticket_going_count":"","_tribe_ticket_not_going_count":"","_tribe_tickets_list":"[]","_tribe_ticket_has_attendee_info_fields":false,"footnotes":"","_tec_slr_enabled":"","_tec_slr_layout":""},"class_list":["post-8960","page","type-page","status-publish","hentry"],"acf":[],"uagb_featured_image_src":{"full":false,"thumbnail":false,"medium":false,"medium_large":false,"large":false,"1536x1536":false,"2048x2048":false},"uagb_author_info":{"display_name":"charline","author_link":"https:\/\/www.bce.lu\/de\/author\/charline\/"},"uagb_comment_info":0,"uagb_excerpt":"BCE hat sich verpflichtet, negative Umweltauswirkungen zu reduzieren, und [&hellip;]","ticketed":false,"_links":{"self":[{"href":"https:\/\/www.bce.lu\/de\/wp-json\/wp\/v2\/pages\/8960","targetHints":{"allow":["GET"]}}],"collection":[{"href":"https:\/\/www.bce.lu\/de\/wp-json\/wp\/v2\/pages"}],"about":[{"href":"https:\/\/www.bce.lu\/de\/wp-json\/wp\/v2\/types\/page"}],"author":[{"embeddable":true,"href":"https:\/\/www.bce.lu\/de\/wp-json\/wp\/v2\/users\/3"}],"replies":[{"embeddable":true,"href":"https:\/\/www.bce.lu\/de\/wp-json\/wp\/v2\/comments?post=8960"}],"version-history":[{"count":10,"href":"https:\/\/www.bce.lu\/de\/wp-json\/wp\/v2\/pages\/8960\/revisions"}],"predecessor-version":[{"id":14026,"href":"https:\/\/www.bce.lu\/de\/wp-json\/wp\/v2\/pages\/8960\/revisions\/14026"}],"wp:attachment":[{"href":"https:\/\/www.bce.lu\/de\/wp-json\/wp\/v2\/media?parent=8960"}],"curies":[{"name":"wp","href":"https:\/\/api.w.org\/{rel}","templated":true}]}}